{"id":3535,"date":"2025-10-23T11:23:12","date_gmt":"2025-10-23T11:23:12","guid":{"rendered":"https:\/\/www.alumniespana.es\/nueva\/?page_id=3535"},"modified":"2025-11-25T10:41:44","modified_gmt":"2025-11-25T10:41:44","slug":"xxix_encuentro","status":"publish","type":"page","link":"https:\/\/www.alumniespana.es\/nueva\/xxix_encuentro\/","title":{"rendered":"XXIX ENCUENTRO"},"content":{"rendered":"\t\t<div data-elementor-type=\"wp-page\" data-elementor-id=\"3535\" class=\"elementor elementor-3535\" data-elementor-post-type=\"page\">\n\t\t\t\t<div class=\"elementor-element elementor-element-544c8ca e-flex e-con-boxed e-con e-parent\" data-id=\"544c8ca\" data-element_type=\"container\" data-settings=\"{&quot;background_background&quot;:&quot;classic&quot;}\">\n\t\t\t\t\t<div class=\"e-con-inner\">\n\t\t<div class=\"elementor-element elementor-element-0f11af2 e-grid e-con-full e-con e-child\" data-id=\"0f11af2\" data-element_type=\"container\">\n\t\t\t\t<div class=\"elementor-element elementor-element-a2fa811 elementor-widget elementor-widget-heading\" data-id=\"a2fa811\" data-element_type=\"widget\" data-widget_type=\"heading.default\">\n\t\t\t\t<div class=\"elementor-widget-container\">\n\t\t\t\t\t<h2 class=\"elementor-heading-title elementor-size-default\">XXIX ENCUENTRO ALUMNI ESPA\u00d1A<\/h2>\t\t\t\t<\/div>\n\t\t\t\t<\/div>\n\t\t\t\t<div class=\"elementor-element elementor-element-63cac30 elementor-widget elementor-widget-text-editor\" data-id=\"63cac30\" data-element_type=\"widget\" data-widget_type=\"text-editor.default\">\n\t\t\t\t<div class=\"elementor-widget-container\">\n\t\t\t\t\t\t\t\t\t<h5><span style=\"color: #ffffff;\">20 y 21 de noviembre de 2025<\/span><\/h5>\t\t\t\t\t\t\t\t<\/div>\n\t\t\t\t<\/div>\n\t\t\t\t<\/div>\n\t\t\t\t\t<\/div>\n\t\t\t\t<\/div>\n\t\t<div class=\"elementor-element elementor-element-374e71f e-flex e-con-boxed e-con e-parent\" data-id=\"374e71f\" data-element_type=\"container\">\n\t\t\t\t\t<div class=\"e-con-inner\">\n\t\t\t\t<div class=\"elementor-element elementor-element-826f115 elementor-widget-divider--view-line elementor-widget elementor-widget-divider\" data-id=\"826f115\" data-element_type=\"widget\" data-widget_type=\"divider.default\">\n\t\t\t\t<div class=\"elementor-widget-container\">\n\t\t\t\t\t\t\t<div class=\"elementor-divider\">\n\t\t\t<span class=\"elementor-divider-separator\">\n\t\t\t\t\t\t<\/span>\n\t\t<\/div>\n\t\t\t\t\t\t<\/div>\n\t\t\t\t<\/div>\n\t\t\t\t<div class=\"elementor-element elementor-element-f5624ae elementor-widget elementor-widget-heading\" data-id=\"f5624ae\" data-element_type=\"widget\" data-widget_type=\"heading.default\">\n\t\t\t\t<div class=\"elementor-widget-container\">\n\t\t\t\t\t<h2 class=\"elementor-heading-title elementor-size-default\">XXIX Encuentro de Asociaciones de Antiguos Alumnos y Amigos de las Universidades Espa\u00f1olas<\/h2>\t\t\t\t<\/div>\n\t\t\t\t<\/div>\n\t\t<div class=\"elementor-element elementor-element-db4dc69 e-con-full e-flex e-con e-child\" data-id=\"db4dc69\" data-element_type=\"container\">\n\t\t\t\t<div class=\"elementor-element elementor-element-e2f48f4 elementor-widget elementor-widget-image\" data-id=\"e2f48f4\" data-element_type=\"widget\" data-widget_type=\"image.default\">\n\t\t\t\t<div class=\"elementor-widget-container\">\n\t\t\t\t\t\t\t\t\t\t\t\t\t\t\t\t<a href=\"https:\/\/canal.uned.es\/series\/magic\/if2op4b4fpwss44skk0okws0w8ogcss\">\n\t\t\t\t\t\t\t<img fetchpriority=\"high\" decoding=\"async\" data-attachment-id=\"3548\" data-permalink=\"https:\/\/www.alumniespana.es\/nueva\/xxix_encuentro\/alumni-3\/\" data-orig-file=\"https:\/\/i0.wp.com\/www.alumniespana.es\/nueva\/wp-content\/uploads\/2025\/11\/alumni.png?fit=855%2C465&amp;ssl=1\" data-orig-size=\"855,465\" data-comments-opened=\"0\" data-image-meta=\"{&quot;aperture&quot;:&quot;0&quot;,&quot;credit&quot;:&quot;&quot;,&quot;camera&quot;:&quot;&quot;,&quot;caption&quot;:&quot;&quot;,&quot;created_timestamp&quot;:&quot;0&quot;,&quot;copyright&quot;:&quot;&quot;,&quot;focal_length&quot;:&quot;0&quot;,&quot;iso&quot;:&quot;0&quot;,&quot;shutter_speed&quot;:&quot;0&quot;,&quot;title&quot;:&quot;&quot;,&quot;orientation&quot;:&quot;0&quot;}\" data-image-title=\"alumni encuentro video\" data-image-description=\"\" data-image-caption=\"\" data-medium-file=\"https:\/\/i0.wp.com\/www.alumniespana.es\/nueva\/wp-content\/uploads\/2025\/11\/alumni.png?fit=300%2C163&amp;ssl=1\" data-large-file=\"https:\/\/i0.wp.com\/www.alumniespana.es\/nueva\/wp-content\/uploads\/2025\/11\/alumni.png?fit=640%2C348&amp;ssl=1\" width=\"640\" height=\"348\" src=\"https:\/\/i0.wp.com\/www.alumniespana.es\/nueva\/wp-content\/uploads\/2025\/11\/alumni.png?fit=640%2C348&amp;ssl=1\" class=\"attachment-large size-large wp-image-3548\" alt=\"\" srcset=\"https:\/\/i0.wp.com\/www.alumniespana.es\/nueva\/wp-content\/uploads\/2025\/11\/alumni.png?w=855&amp;ssl=1 855w, https:\/\/i0.wp.com\/www.alumniespana.es\/nueva\/wp-content\/uploads\/2025\/11\/alumni.png?resize=300%2C163&amp;ssl=1 300w, https:\/\/i0.wp.com\/www.alumniespana.es\/nueva\/wp-content\/uploads\/2025\/11\/alumni.png?resize=768%2C418&amp;ssl=1 768w\" sizes=\"(max-width: 640px) 100vw, 640px\" data-attachment-id=\"3548\" data-permalink=\"https:\/\/www.alumniespana.es\/nueva\/xxix_encuentro\/alumni-3\/\" data-orig-file=\"https:\/\/i0.wp.com\/www.alumniespana.es\/nueva\/wp-content\/uploads\/2025\/11\/alumni.png?fit=855%2C465&amp;ssl=1\" data-orig-size=\"855,465\" data-comments-opened=\"0\" data-image-meta=\"{&quot;aperture&quot;:&quot;0&quot;,&quot;credit&quot;:&quot;&quot;,&quot;camera&quot;:&quot;&quot;,&quot;caption&quot;:&quot;&quot;,&quot;created_timestamp&quot;:&quot;0&quot;,&quot;copyright&quot;:&quot;&quot;,&quot;focal_length&quot;:&quot;0&quot;,&quot;iso&quot;:&quot;0&quot;,&quot;shutter_speed&quot;:&quot;0&quot;,&quot;title&quot;:&quot;&quot;,&quot;orientation&quot;:&quot;0&quot;}\" data-image-title=\"alumni encuentro video\" data-image-description=\"\" data-image-caption=\"\" data-medium-file=\"https:\/\/i0.wp.com\/www.alumniespana.es\/nueva\/wp-content\/uploads\/2025\/11\/alumni.png?fit=300%2C163&amp;ssl=1\" data-large-file=\"https:\/\/i0.wp.com\/www.alumniespana.es\/nueva\/wp-content\/uploads\/2025\/11\/alumni.png?fit=640%2C348&amp;ssl=1\" \/>\t\t\t\t\t\t\t\t<\/a>\n\t\t\t\t\t\t\t\t\t\t\t\t\t\t\t<\/div>\n\t\t\t\t<\/div>\n\t\t\t\t<\/div>\n\t\t\t\t<div class=\"elementor-element elementor-element-d0dc32a elementor-widget-divider--view-line elementor-widget elementor-widget-divider\" data-id=\"d0dc32a\" data-element_type=\"widget\" data-widget_type=\"divider.default\">\n\t\t\t\t<div class=\"elementor-widget-container\">\n\t\t\t\t\t\t\t<div class=\"elementor-divider\">\n\t\t\t<span class=\"elementor-divider-separator\">\n\t\t\t\t\t\t<\/span>\n\t\t<\/div>\n\t\t\t\t\t\t<\/div>\n\t\t\t\t<\/div>\n\t\t\t\t\t<\/div>\n\t\t\t\t<\/div>\n\t\t<div class=\"elementor-element elementor-element-ef04706 e-flex e-con-boxed e-con e-parent\" data-id=\"ef04706\" data-element_type=\"container\">\n\t\t\t\t\t<div class=\"e-con-inner\">\n\t\t<div class=\"elementor-element elementor-element-7b02b80 e-con-full e-flex e-con e-child\" data-id=\"7b02b80\" data-element_type=\"container\">\n\t\t\t\t<div class=\"elementor-element elementor-element-8ce21f1 elementor-widget elementor-widget-heading\" data-id=\"8ce21f1\" data-element_type=\"widget\" data-widget_type=\"heading.default\">\n\t\t\t\t<div class=\"elementor-widget-container\">\n\t\t\t\t\t<h3 class=\"elementor-heading-title elementor-size-default\">Presentaci\u00f3n<\/h3>\t\t\t\t<\/div>\n\t\t\t\t<\/div>\n\t\t\t\t<div class=\"elementor-element elementor-element-4a5adbc elementor-widget elementor-widget-text-editor\" data-id=\"4a5adbc\" data-element_type=\"widget\" data-widget_type=\"text-editor.default\">\n\t\t\t\t<div class=\"elementor-widget-container\">\n\t\t\t\t\t\t\t\t\t<p>Nos es grato informaros que durante los d\u00edas 20 y 21 de noviembre se celebrar\u00e1 el \u201c<strong><em>XXIX Encuentro de Asociaciones de Antiguos Alumnos y Amigos de las Universidades Espa\u00f1olas\u201d <\/em><\/strong><em>en Madrid<\/em>.<\/p><p>Este encuentro lo convoca cada a\u00f1o la <em>Federaci\u00f3n de Asociaciones de Antiguos Alumnos y Amigos de las Universidades Espa\u00f1olas (Alumni Espa\u00f1a)<\/em> y lo organiza una de las asociaciones federadas. En esta ocasi\u00f3n, es la <strong><em>Alumni UNED<\/em><\/strong> a trav\u00e9s de su <strong><em>Fundaci\u00f3n de la UNED<\/em><\/strong> la encargada de la organizaci\u00f3n de este evento.<\/p>\t\t\t\t\t\t\t\t<\/div>\n\t\t\t\t<\/div>\n\t\t\t\t<div class=\"elementor-element elementor-element-77475f6 elementor-widget elementor-widget-heading\" data-id=\"77475f6\" data-element_type=\"widget\" data-widget_type=\"heading.default\">\n\t\t\t\t<div class=\"elementor-widget-container\">\n\t\t\t\t\t<h3 class=\"elementor-heading-title elementor-size-default\">Programa<\/h3>\t\t\t\t<\/div>\n\t\t\t\t<\/div>\n\t\t\t\t<div class=\"elementor-element elementor-element-17ca98e elementor-widget elementor-widget-image\" data-id=\"17ca98e\" data-element_type=\"widget\" data-widget_type=\"image.default\">\n\t\t\t\t<div class=\"elementor-widget-container\">\n\t\t\t\t\t\t\t\t\t\t\t\t\t\t\t\t<a href=\"https:\/\/i0.wp.com\/www.alumniespana.es\/nueva\/wp-content\/uploads\/2025\/11\/jornada-1-XXIV-Encuentro.jpg\" data-elementor-open-lightbox=\"yes\" data-elementor-lightbox-title=\"jornada 1 XXIV Encuentro\" data-e-action-hash=\"#elementor-action%3Aaction%3Dlightbox%26settings%3DeyJpZCI6MzU0NCwidXJsIjoiaHR0cHM6XC9cL3d3dy5hbHVtbmllc3BhbmEuZXNcL251ZXZhXC93cC1jb250ZW50XC91cGxvYWRzXC8yMDI1XC8xMVwvam9ybmFkYS0xLVhYSVYtRW5jdWVudHJvLmpwZyJ9\">\n\t\t\t\t\t\t\t<img decoding=\"async\" data-attachment-id=\"3544\" data-permalink=\"https:\/\/www.alumniespana.es\/nueva\/xxix_encuentro\/jornada-1-xxiv-encuentro\/\" data-orig-file=\"https:\/\/i0.wp.com\/www.alumniespana.es\/nueva\/wp-content\/uploads\/2025\/11\/jornada-1-XXIV-Encuentro.jpg?fit=825%2C657&amp;ssl=1\" data-orig-size=\"825,657\" data-comments-opened=\"0\" data-image-meta=\"{&quot;aperture&quot;:&quot;0&quot;,&quot;credit&quot;:&quot;&quot;,&quot;camera&quot;:&quot;&quot;,&quot;caption&quot;:&quot;&quot;,&quot;created_timestamp&quot;:&quot;0&quot;,&quot;copyright&quot;:&quot;&quot;,&quot;focal_length&quot;:&quot;0&quot;,&quot;iso&quot;:&quot;0&quot;,&quot;shutter_speed&quot;:&quot;0&quot;,&quot;title&quot;:&quot;&quot;,&quot;orientation&quot;:&quot;0&quot;}\" data-image-title=\"jornada 1 XXIV Encuentro\" data-image-description=\"\" data-image-caption=\"\" data-medium-file=\"https:\/\/i0.wp.com\/www.alumniespana.es\/nueva\/wp-content\/uploads\/2025\/11\/jornada-1-XXIV-Encuentro.jpg?fit=300%2C239&amp;ssl=1\" data-large-file=\"https:\/\/i0.wp.com\/www.alumniespana.es\/nueva\/wp-content\/uploads\/2025\/11\/jornada-1-XXIV-Encuentro.jpg?fit=640%2C510&amp;ssl=1\" width=\"640\" height=\"510\" src=\"https:\/\/i0.wp.com\/www.alumniespana.es\/nueva\/wp-content\/uploads\/2025\/11\/jornada-1-XXIV-Encuentro.jpg?fit=640%2C510&amp;ssl=1\" class=\"attachment-large size-large wp-image-3544\" alt=\"\" srcset=\"https:\/\/i0.wp.com\/www.alumniespana.es\/nueva\/wp-content\/uploads\/2025\/11\/jornada-1-XXIV-Encuentro.jpg?w=825&amp;ssl=1 825w, https:\/\/i0.wp.com\/www.alumniespana.es\/nueva\/wp-content\/uploads\/2025\/11\/jornada-1-XXIV-Encuentro.jpg?resize=300%2C239&amp;ssl=1 300w, https:\/\/i0.wp.com\/www.alumniespana.es\/nueva\/wp-content\/uploads\/2025\/11\/jornada-1-XXIV-Encuentro.jpg?resize=768%2C612&amp;ssl=1 768w\" sizes=\"(max-width: 640px) 100vw, 640px\" data-attachment-id=\"3544\" data-permalink=\"https:\/\/www.alumniespana.es\/nueva\/xxix_encuentro\/jornada-1-xxiv-encuentro\/\" data-orig-file=\"https:\/\/i0.wp.com\/www.alumniespana.es\/nueva\/wp-content\/uploads\/2025\/11\/jornada-1-XXIV-Encuentro.jpg?fit=825%2C657&amp;ssl=1\" data-orig-size=\"825,657\" data-comments-opened=\"0\" data-image-meta=\"{&quot;aperture&quot;:&quot;0&quot;,&quot;credit&quot;:&quot;&quot;,&quot;camera&quot;:&quot;&quot;,&quot;caption&quot;:&quot;&quot;,&quot;created_timestamp&quot;:&quot;0&quot;,&quot;copyright&quot;:&quot;&quot;,&quot;focal_length&quot;:&quot;0&quot;,&quot;iso&quot;:&quot;0&quot;,&quot;shutter_speed&quot;:&quot;0&quot;,&quot;title&quot;:&quot;&quot;,&quot;orientation&quot;:&quot;0&quot;}\" data-image-title=\"jornada 1 XXIV Encuentro\" data-image-description=\"\" data-image-caption=\"\" data-medium-file=\"https:\/\/i0.wp.com\/www.alumniespana.es\/nueva\/wp-content\/uploads\/2025\/11\/jornada-1-XXIV-Encuentro.jpg?fit=300%2C239&amp;ssl=1\" data-large-file=\"https:\/\/i0.wp.com\/www.alumniespana.es\/nueva\/wp-content\/uploads\/2025\/11\/jornada-1-XXIV-Encuentro.jpg?fit=640%2C510&amp;ssl=1\" \/>\t\t\t\t\t\t\t\t<\/a>\n\t\t\t\t\t\t\t\t\t\t\t\t\t\t\t<\/div>\n\t\t\t\t<\/div>\n\t\t\t\t<div class=\"elementor-element elementor-element-034fc28 elementor-widget elementor-widget-image\" data-id=\"034fc28\" data-element_type=\"widget\" data-widget_type=\"image.default\">\n\t\t\t\t<div class=\"elementor-widget-container\">\n\t\t\t\t\t\t\t\t\t\t\t\t\t\t\t\t<a href=\"https:\/\/i0.wp.com\/www.alumniespana.es\/nueva\/wp-content\/uploads\/2025\/11\/jornada-2-XXIV-Encuentro.jpg\" data-elementor-open-lightbox=\"yes\" data-elementor-lightbox-title=\"jornada 2 XXIV Encuentro\" data-e-action-hash=\"#elementor-action%3Aaction%3Dlightbox%26settings%3DeyJpZCI6MzU0NSwidXJsIjoiaHR0cHM6XC9cL3d3dy5hbHVtbmllc3BhbmEuZXNcL251ZXZhXC93cC1jb250ZW50XC91cGxvYWRzXC8yMDI1XC8xMVwvam9ybmFkYS0yLVhYSVYtRW5jdWVudHJvLmpwZyJ9\">\n\t\t\t\t\t\t\t<img decoding=\"async\" data-attachment-id=\"3545\" data-permalink=\"https:\/\/www.alumniespana.es\/nueva\/xxix_encuentro\/jornada-2-xxiv-encuentro\/\" data-orig-file=\"https:\/\/i0.wp.com\/www.alumniespana.es\/nueva\/wp-content\/uploads\/2025\/11\/jornada-2-XXIV-Encuentro.jpg?fit=798%2C507&amp;ssl=1\" data-orig-size=\"798,507\" data-comments-opened=\"0\" data-image-meta=\"{&quot;aperture&quot;:&quot;0&quot;,&quot;credit&quot;:&quot;&quot;,&quot;camera&quot;:&quot;&quot;,&quot;caption&quot;:&quot;&quot;,&quot;created_timestamp&quot;:&quot;0&quot;,&quot;copyright&quot;:&quot;&quot;,&quot;focal_length&quot;:&quot;0&quot;,&quot;iso&quot;:&quot;0&quot;,&quot;shutter_speed&quot;:&quot;0&quot;,&quot;title&quot;:&quot;&quot;,&quot;orientation&quot;:&quot;0&quot;}\" data-image-title=\"jornada 2 XXIV Encuentro\" data-image-description=\"\" data-image-caption=\"\" data-medium-file=\"https:\/\/i0.wp.com\/www.alumniespana.es\/nueva\/wp-content\/uploads\/2025\/11\/jornada-2-XXIV-Encuentro.jpg?fit=300%2C191&amp;ssl=1\" data-large-file=\"https:\/\/i0.wp.com\/www.alumniespana.es\/nueva\/wp-content\/uploads\/2025\/11\/jornada-2-XXIV-Encuentro.jpg?fit=640%2C407&amp;ssl=1\" width=\"640\" height=\"407\" src=\"https:\/\/i0.wp.com\/www.alumniespana.es\/nueva\/wp-content\/uploads\/2025\/11\/jornada-2-XXIV-Encuentro.jpg?fit=640%2C407&amp;ssl=1\" class=\"attachment-large size-large wp-image-3545\" alt=\"\" srcset=\"https:\/\/i0.wp.com\/www.alumniespana.es\/nueva\/wp-content\/uploads\/2025\/11\/jornada-2-XXIV-Encuentro.jpg?w=798&amp;ssl=1 798w, https:\/\/i0.wp.com\/www.alumniespana.es\/nueva\/wp-content\/uploads\/2025\/11\/jornada-2-XXIV-Encuentro.jpg?resize=300%2C191&amp;ssl=1 300w, https:\/\/i0.wp.com\/www.alumniespana.es\/nueva\/wp-content\/uploads\/2025\/11\/jornada-2-XXIV-Encuentro.jpg?resize=768%2C488&amp;ssl=1 768w\" sizes=\"(max-width: 640px) 100vw, 640px\" data-attachment-id=\"3545\" data-permalink=\"https:\/\/www.alumniespana.es\/nueva\/xxix_encuentro\/jornada-2-xxiv-encuentro\/\" data-orig-file=\"https:\/\/i0.wp.com\/www.alumniespana.es\/nueva\/wp-content\/uploads\/2025\/11\/jornada-2-XXIV-Encuentro.jpg?fit=798%2C507&amp;ssl=1\" data-orig-size=\"798,507\" data-comments-opened=\"0\" data-image-meta=\"{&quot;aperture&quot;:&quot;0&quot;,&quot;credit&quot;:&quot;&quot;,&quot;camera&quot;:&quot;&quot;,&quot;caption&quot;:&quot;&quot;,&quot;created_timestamp&quot;:&quot;0&quot;,&quot;copyright&quot;:&quot;&quot;,&quot;focal_length&quot;:&quot;0&quot;,&quot;iso&quot;:&quot;0&quot;,&quot;shutter_speed&quot;:&quot;0&quot;,&quot;title&quot;:&quot;&quot;,&quot;orientation&quot;:&quot;0&quot;}\" data-image-title=\"jornada 2 XXIV Encuentro\" data-image-description=\"\" data-image-caption=\"\" data-medium-file=\"https:\/\/i0.wp.com\/www.alumniespana.es\/nueva\/wp-content\/uploads\/2025\/11\/jornada-2-XXIV-Encuentro.jpg?fit=300%2C191&amp;ssl=1\" data-large-file=\"https:\/\/i0.wp.com\/www.alumniespana.es\/nueva\/wp-content\/uploads\/2025\/11\/jornada-2-XXIV-Encuentro.jpg?fit=640%2C407&amp;ssl=1\" \/>\t\t\t\t\t\t\t\t<\/a>\n\t\t\t\t\t\t\t\t\t\t\t\t\t\t\t<\/div>\n\t\t\t\t<\/div>\n\t\t\t\t<\/div>\n\t\t<div class=\"elementor-element elementor-element-1de85b1 e-con-full e-flex e-con e-child\" data-id=\"1de85b1\" data-element_type=\"container\">\n\t\t<div class=\"elementor-element elementor-element-f987c69 e-con-full e-flex e-con e-child\" data-id=\"f987c69\" data-element_type=\"container\">\n\t\t\t\t<div class=\"elementor-element elementor-element-6638da0 elementor-widget-divider--view-line elementor-widget elementor-widget-divider\" data-id=\"6638da0\" data-element_type=\"widget\" data-widget_type=\"divider.default\">\n\t\t\t\t<div class=\"elementor-widget-container\">\n\t\t\t\t\t\t\t<div class=\"elementor-divider\">\n\t\t\t<span class=\"elementor-divider-separator\">\n\t\t\t\t\t\t<\/span>\n\t\t<\/div>\n\t\t\t\t\t\t<\/div>\n\t\t\t\t<\/div>\n\t\t\t\t<div class=\"elementor-element elementor-element-24084b0 elementor-widget elementor-widget-text-editor\" data-id=\"24084b0\" data-element_type=\"widget\" data-widget_type=\"text-editor.default\">\n\t\t\t\t<div class=\"elementor-widget-container\">\n\t\t\t\t\t\t\t\t\t<p>El XXIX Encuentro tiene una vertiente acad\u00e9mica e institucional, pero sobre todo pr\u00e1ctica para las entidades que agrupamos a los antiguos alumnos y amigos de las universidades espa\u00f1olas, sin olvidar la dimensi\u00f3n de relaci\u00f3n personal y cultural que siempre facilitan este tipo de reuniones.<\/p><p>Creemos que puede ser un foro valioso para vuestra empresa o entidad alumni en donde podr\u00e1n formarse, intercambiar experiencias, establecer relaciones personales e institucionales y encontrar apoyos para el desarrollo de proyectos.<\/p><p>Para la Federaci\u00f3n ser\u00eda un verdadero honor poder contar con la presencia en dicho evento de todo aquel que se encuentre relacionado con el Mundo Alumni.<\/p><p>Tanto para la Comunidad AlumniUNED como para la Federaci\u00f3n Alumni Espa\u00f1a es una satisfacci\u00f3n contar con vuestra presencia<\/p>\t\t\t\t\t\t\t\t<\/div>\n\t\t\t\t<\/div>\n\t\t\t\t<div class=\"elementor-element elementor-element-b162014 elementor-widget elementor-widget-heading\" data-id=\"b162014\" data-element_type=\"widget\" data-widget_type=\"heading.default\">\n\t\t\t\t<div class=\"elementor-widget-container\">\n\t\t\t\t\t<h3 class=\"elementor-heading-title elementor-size-default\">Incripci\u00f3n<\/h3>\t\t\t\t<\/div>\n\t\t\t\t<\/div>\n\t\t\t\t<div class=\"elementor-element elementor-element-69b93f0 elementor-widget elementor-widget-text-editor\" data-id=\"69b93f0\" data-element_type=\"widget\" data-widget_type=\"text-editor.default\">\n\t\t\t\t<div class=\"elementor-widget-container\">\n\t\t\t\t\t\t\t\t\t<p>Ya se pueden inscribir, teniendo como fecha l\u00edmite de inscripci\u00f3n el d\u00eda 17 de noviembre 2025.<\/p><p>Para cualquier informaci\u00f3n adicional que pueda precisar, no dude en ponerse en contacto en la Fundaci\u00f3n de la UNED a trav\u00e9s del email, <a href=\"mailto:rperezh@fundacion.uned.es\">rperezh@fundacion.uned.es<\/a> o bien en su tel\u00e9fono 91 386 72 75, o a la secretaria t\u00e9cnica de la federaci\u00f3n <a href=\"mailto:alumniespana@gmail.com\">alumniespana@gmail.com<\/a> .<\/p><p>Web del evento:\u00a0<a style=\"background-color: #ffffff;\" href=\"https:\/\/multiweb.uned.es\/w47535\">https:\/\/multiweb.uned.es\/w47535<\/a><\/p>\t\t\t\t\t\t\t\t<\/div>\n\t\t\t\t<\/div>\n\t\t\t\t<div class=\"elementor-element elementor-element-f955cbe elementor-widget elementor-widget-heading\" data-id=\"f955cbe\" data-element_type=\"widget\" data-widget_type=\"heading.default\">\n\t\t\t\t<div class=\"elementor-widget-container\">\n\t\t\t\t\t<h3 class=\"elementor-heading-title elementor-size-default\">Lugar<\/h3>\t\t\t\t<\/div>\n\t\t\t\t<\/div>\n\t\t\t\t<div class=\"elementor-element elementor-element-f1e3fe6 elementor-widget elementor-widget-text-editor\" data-id=\"f1e3fe6\" data-element_type=\"widget\" data-widget_type=\"text-editor.default\">\n\t\t\t\t<div class=\"elementor-widget-container\">\n\t\t\t\t\t\t\t\t\t<p>Madrid: UNED &#8211; Facultad de Educaci\u00f3n.<\/p><p>El Hotel \u201c<em>Sercotel Gran Hotel Conde Duque<\/em>\u201d sito en Pl. del Conde del Valle de S\u00fachil, 5, Chamber\u00ed, 28015 Madrid.<\/p><p>Para cualquier gesti\u00f3n de Hoteles, Viajes contamos con la colaboraci\u00f3n de la Agencia de viajes VB Group, <a href=\"mailto:grupos@vbtravelgroup.com\">grupos@vbtravelgroup.com<\/a> tel\u00e9fono: 911 084 900.<\/p>\t\t\t\t\t\t\t\t<\/div>\n\t\t\t\t<\/div>\n\t\t\t\t<\/div>\n\t\t\t\t<\/div>\n\t\t\t\t\t<\/div>\n\t\t\t\t<\/div>\n\t\t<div class=\"elementor-element elementor-element-de4b936 e-flex e-con-boxed e-con e-parent\" data-id=\"de4b936\" data-element_type=\"container\">\n\t\t\t\t\t<div class=\"e-con-inner\">\n\t\t\t\t<div class=\"elementor-element elementor-element-4465a83 elementor-widget elementor-widget-image\" data-id=\"4465a83\" data-element_type=\"widget\" data-widget_type=\"image.default\">\n\t\t\t\t<div class=\"elementor-widget-container\">\n\t\t\t\t\t\t\t\t\t\t\t\t\t\t\t<img loading=\"lazy\" decoding=\"async\" data-attachment-id=\"3547\" data-permalink=\"https:\/\/www.alumniespana.es\/nueva\/xxix_encuentro\/banner-publicidad-generico\/\" data-orig-file=\"https:\/\/i0.wp.com\/www.alumniespana.es\/nueva\/wp-content\/uploads\/2025\/11\/BANNER-PUBLICIDAD-GENERICO-scaled.png?fit=2560%2C306&amp;ssl=1\" data-orig-size=\"2560,306\" data-comments-opened=\"0\" data-image-meta=\"{&quot;aperture&quot;:&quot;0&quot;,&quot;credit&quot;:&quot;&quot;,&quot;camera&quot;:&quot;&quot;,&quot;caption&quot;:&quot;&quot;,&quot;created_timestamp&quot;:&quot;0&quot;,&quot;copyright&quot;:&quot;&quot;,&quot;focal_length&quot;:&quot;0&quot;,&quot;iso&quot;:&quot;0&quot;,&quot;shutter_speed&quot;:&quot;0&quot;,&quot;title&quot;:&quot;&quot;,&quot;orientation&quot;:&quot;0&quot;}\" data-image-title=\"BANNER PUBLICIDAD GENERICO\" data-image-description=\"\" data-image-caption=\"\" data-medium-file=\"https:\/\/i0.wp.com\/www.alumniespana.es\/nueva\/wp-content\/uploads\/2025\/11\/BANNER-PUBLICIDAD-GENERICO-scaled.png?fit=300%2C36&amp;ssl=1\" data-large-file=\"https:\/\/i0.wp.com\/www.alumniespana.es\/nueva\/wp-content\/uploads\/2025\/11\/BANNER-PUBLICIDAD-GENERICO-scaled.png?fit=640%2C76&amp;ssl=1\" width=\"640\" height=\"76\" src=\"https:\/\/i0.wp.com\/www.alumniespana.es\/nueva\/wp-content\/uploads\/2025\/11\/BANNER-PUBLICIDAD-GENERICO-scaled.png?fit=640%2C76&amp;ssl=1\" class=\"attachment-large size-large wp-image-3547\" alt=\"\" srcset=\"https:\/\/i0.wp.com\/www.alumniespana.es\/nueva\/wp-content\/uploads\/2025\/11\/BANNER-PUBLICIDAD-GENERICO-scaled.png?w=2560&amp;ssl=1 2560w, https:\/\/i0.wp.com\/www.alumniespana.es\/nueva\/wp-content\/uploads\/2025\/11\/BANNER-PUBLICIDAD-GENERICO-scaled.png?resize=300%2C36&amp;ssl=1 300w, https:\/\/i0.wp.com\/www.alumniespana.es\/nueva\/wp-content\/uploads\/2025\/11\/BANNER-PUBLICIDAD-GENERICO-scaled.png?resize=1024%2C122&amp;ssl=1 1024w, https:\/\/i0.wp.com\/www.alumniespana.es\/nueva\/wp-content\/uploads\/2025\/11\/BANNER-PUBLICIDAD-GENERICO-scaled.png?resize=768%2C92&amp;ssl=1 768w, https:\/\/i0.wp.com\/www.alumniespana.es\/nueva\/wp-content\/uploads\/2025\/11\/BANNER-PUBLICIDAD-GENERICO-scaled.png?resize=1536%2C184&amp;ssl=1 1536w, https:\/\/i0.wp.com\/www.alumniespana.es\/nueva\/wp-content\/uploads\/2025\/11\/BANNER-PUBLICIDAD-GENERICO-scaled.png?resize=2048%2C245&amp;ssl=1 2048w, https:\/\/i0.wp.com\/www.alumniespana.es\/nueva\/wp-content\/uploads\/2025\/11\/BANNER-PUBLICIDAD-GENERICO-scaled.png?w=1280 1280w, https:\/\/i0.wp.com\/www.alumniespana.es\/nueva\/wp-content\/uploads\/2025\/11\/BANNER-PUBLICIDAD-GENERICO-scaled.png?w=1920 1920w\" sizes=\"(max-width: 640px) 100vw, 640px\" data-attachment-id=\"3547\" data-permalink=\"https:\/\/www.alumniespana.es\/nueva\/xxix_encuentro\/banner-publicidad-generico\/\" data-orig-file=\"https:\/\/i0.wp.com\/www.alumniespana.es\/nueva\/wp-content\/uploads\/2025\/11\/BANNER-PUBLICIDAD-GENERICO-scaled.png?fit=2560%2C306&amp;ssl=1\" data-orig-size=\"2560,306\" data-comments-opened=\"0\" data-image-meta=\"{&quot;aperture&quot;:&quot;0&quot;,&quot;credit&quot;:&quot;&quot;,&quot;camera&quot;:&quot;&quot;,&quot;caption&quot;:&quot;&quot;,&quot;created_timestamp&quot;:&quot;0&quot;,&quot;copyright&quot;:&quot;&quot;,&quot;focal_length&quot;:&quot;0&quot;,&quot;iso&quot;:&quot;0&quot;,&quot;shutter_speed&quot;:&quot;0&quot;,&quot;title&quot;:&quot;&quot;,&quot;orientation&quot;:&quot;0&quot;}\" data-image-title=\"BANNER PUBLICIDAD GENERICO\" data-image-description=\"\" data-image-caption=\"\" data-medium-file=\"https:\/\/i0.wp.com\/www.alumniespana.es\/nueva\/wp-content\/uploads\/2025\/11\/BANNER-PUBLICIDAD-GENERICO-scaled.png?fit=300%2C36&amp;ssl=1\" data-large-file=\"https:\/\/i0.wp.com\/www.alumniespana.es\/nueva\/wp-content\/uploads\/2025\/11\/BANNER-PUBLICIDAD-GENERICO-scaled.png?fit=640%2C76&amp;ssl=1\" \/>\t\t\t\t\t\t\t\t\t\t\t\t\t\t\t<\/div>\n\t\t\t\t<\/div>\n\t\t\t\t\t<\/div>\n\t\t\t\t<\/div>\n\t\t\t\t<\/div>\n\t\t","protected":false},"excerpt":{"rendered":"<p>XXIX ENCUENTRO ALUMNI ESPA\u00d1A 20 y 21 de noviembre de 2025 XXIX Encuentro de Asociaciones de Antiguos Alumnos y Amigos de las Universidades Espa\u00f1olas Presentaci\u00f3n <a href=\"https:\/\/www.alumniespana.es\/nueva\/xxix_encuentro\/\" class=\"btn btn-link continue-link\">Seguir leyendo<\/a><\/p>\n","protected":false},"author":6,"featured_media":0,"parent":0,"menu_order":0,"comment_status":"closed","ping_status":"closed","template":"","meta":{"jetpack_post_was_ever_published":false,"footnotes":""},"class_list":["post-3535","page","type-page","status-publish","hentry"],"jetpack_sharing_enabled":true,"jetpack_shortlink":"https:\/\/wp.me\/PgqjCh-V1","jetpack-related-posts":[],"_links":{"self":[{"href":"https:\/\/www.alumniespana.es\/nueva\/wp-json\/wp\/v2\/pages\/3535","targetHints":{"allow":["GET"]}}],"collection":[{"href":"https:\/\/www.alumniespana.es\/nueva\/wp-json\/wp\/v2\/pages"}],"about":[{"href":"https:\/\/www.alumniespana.es\/nueva\/wp-json\/wp\/v2\/types\/page"}],"author":[{"embeddable":true,"href":"https:\/\/www.alumniespana.es\/nueva\/wp-json\/wp\/v2\/users\/6"}],"replies":[{"embeddable":true,"href":"https:\/\/www.alumniespana.es\/nueva\/wp-json\/wp\/v2\/comments?post=3535"}],"version-history":[{"count":0,"href":"https:\/\/www.alumniespana.es\/nueva\/wp-json\/wp\/v2\/pages\/3535\/revisions"}],"wp:attachment":[{"href":"https:\/\/www.alumniespana.es\/nueva\/wp-json\/wp\/v2\/media?parent=3535"}],"curies":[{"name":"wp","href":"https:\/\/api.w.org\/{rel}","templated":true}]}}